{"id":7120,"date":"2025-05-20T17:37:38","date_gmt":"2025-05-20T20:37:38","guid":{"rendered":"https:\/\/www.web4.com.ar\/?post_type=project&#038;p=7120"},"modified":"2025-06-02T18:38:54","modified_gmt":"2025-06-02T21:38:54","slug":"zak-taller-de-muebles-a-medida","status":"publish","type":"project","link":"https:\/\/www.web4.com.ar\/en\/project\/zak-taller-de-muebles-a-medida\/","title":{"rendered":"Zak Custom Furniture Design Workshop"},"content":{"rendered":"<p>[et_pb_section fb_built=\u00bb1&#8243; _builder_version=\u00bb4.16&#8243; custom_padding=\u00bb0px|0px|0|0px|false|false\u00bb global_colors_info=\u00bb{}\u00bb][et_pb_row module_class=\u00bb et_pb_row_fullwidth\u00bb _builder_version=\u00bb4.16&#8243; width=\u00bb100%\u00bb width_tablet=\u00bb100%\u00bb width_phone=\u00bb\u00bb width_last_edited=\u00bbon|desktop\u00bb max_width=\u00bb100%\u00bb max_width_tablet=\u00bb100%\u00bb max_width_phone=\u00bb\u00bb max_width_last_edited=\u00bbon|desktop\u00bb custom_padding=\u00bb24px|0px|0|0px|false|false\u00bb make_fullwidth=\u00bbon\u00bb global_colors_info=\u00bb{}\u00bb][et_pb_column type=\u00bb4_4&#8243; _builder_version=\u00bb4.16&#8243; custom_padding=\u00bb|||\u00bb global_colors_info=\u00bb{}\u00bb custom_padding__hover=\u00bb|||\u00bb][et_pb_post_nav in_same_term=\u00bbon\u00bb prev_text=\u00bbANTERIOR\u00bb next_text=\u00bbSIGUIENTE\u00bb _builder_version=\u00bb3.19.17&#8243; title_font=\u00bb|600|||||||\u00bb title_text_color=\u00bb#e09900&#8243; title_font_size=\u00bb12px\u00bb max_width=\u00bb100%\u00bb title_font_size_tablet=\u00bb12px\u00bb title_font_size_phone=\u00bb9px\u00bb title_font_size_last_edited=\u00bbon|phone\u00bb global_module=\u00bb790&#8243; global_colors_info=\u00bb{}\u00bb][\/et_pb_post_nav][\/et_pb_column][\/et_pb_row][\/et_pb_section][et_pb_section fb_built=\u00bb1&#8243; custom_padding_last_edited=\u00bbon|phone\u00bb _builder_version=\u00bb4.16&#8243; max_width_tablet=\u00bb\u00bb max_width_phone=\u00bb\u00bb max_width_last_edited=\u00bbon|phone\u00bb module_alignment=\u00bbcenter\u00bb custom_padding=\u00bb20px|0px|0|0px|false|false\u00bb custom_padding_tablet=\u00bb\u00bb custom_padding_phone=\u00bb\u00bb border_width_all=\u00bb10px\u00bb border_color_all=\u00bb#ffffff\u00bb global_colors_info=\u00bb{}\u00bb][et_pb_row column_structure=\u00bb3_4,1_4&#8243; use_custom_gutter=\u00bbon\u00bb module_class=\u00bb et_pb_row_fullwidth\u00bb _builder_version=\u00bb4.16&#8243; width=\u00bb100%\u00bb width_tablet=\u00bb100%\u00bb width_phone=\u00bb\u00bb width_last_edited=\u00bbon|desktop\u00bb max_width=\u00bb100%\u00bb max_width_tablet=\u00bb100%\u00bb max_width_phone=\u00bb\u00bb max_width_last_edited=\u00bbon|desktop\u00bb module_alignment=\u00bbcenter\u00bb custom_padding=\u00bb0|30px|0|30px|false|false\u00bb make_fullwidth=\u00bbon\u00bb global_colors_info=\u00bb{}\u00bb][et_pb_column type=\u00bb3_4&#8243; _builder_version=\u00bb4.16&#8243; custom_padding=\u00bb|||\u00bb global_colors_info=\u00bb{}\u00bb custom_padding__hover=\u00bb|||\u00bb][et_pb_image src=\u00bbhttps:\/\/www.web4.com.ar\/wp-content\/uploads\/2023\/12\/web-zak.jpg\u00bb alt=\u00bbZak taller de dise\u00f1o de muebles a medida\u00bb title_text=\u00bbZak taller de dise\u00f1o de muebles a medida dise\u00f1o web\u00bb align=\u00bbcenter\u00bb align_tablet=\u00bbcenter\u00bb align_last_edited=\u00bboff|desktop\u00bb _builder_version=\u00bb4.27.0&#8243; custom_padding=\u00bb||30px\u00bb hover_enabled=\u00bb0&#8243; box_shadow_style=\u00bbpreset3&#8243; box_shadow_vertical=\u00bb16px\u00bb box_shadow_blur=\u00bb8px\u00bb global_colors_info=\u00bb{}\u00bb sticky_enabled=\u00bb0&#8243;][\/et_pb_image][\/et_pb_column][et_pb_column type=\u00bb1_4&#8243; _builder_version=\u00bb4.16&#8243; custom_padding=\u00bb|||\u00bb global_colors_info=\u00bb{}\u00bb custom_padding__hover=\u00bb|||\u00bb][et_pb_text _builder_version=\u00bb4.27.0&#8243; custom_padding=\u00bb|||30px\u00bb custom_padding_tablet=\u00bb|||0px\u00bb custom_padding_phone=\u00bb\u00bb custom_padding_last_edited=\u00bbon|phone\u00bb hover_enabled=\u00bb0&#8243; global_colors_info=\u00bb{}\u00bb sticky_enabled=\u00bb0&#8243;]<\/p>\n<h3><strong>Zak Taller de Dise\u00f1o de muebles a medida<br \/><\/strong><\/h3>\n<p><em>F\u00e1brica de muebles<br \/><\/em><\/p>\n<p><em><\/em><\/p>\n<p style=\"text-align: left;\"><strong>Descripci\u00f3n<br \/><\/strong>Website<br \/>Desarrollo: WordPress<\/p>\n<p>[\/et_pb_text][et_pb_button button_url=\u00bbhttps:\/\/www.cocinasamedida.com.ar\u00bb url_new_window=\u00bbon\u00bb button_text=\u00bbIr al Website\u00bb button_alignment=\u00bbleft\u00bb _builder_version=\u00bb4.27.0&#8243; custom_margin=\u00bb40px||40px|35px\u00bb custom_margin_tablet=\u00bb|||0px\u00bb custom_margin_phone=\u00bb\u00bb custom_margin_last_edited=\u00bbon|phone\u00bb hover_enabled=\u00bb0&#8243; global_colors_info=\u00bb{}\u00bb sticky_enabled=\u00bb0&#8243;][\/et_pb_button][\/et_pb_column][\/et_pb_row][\/et_pb_section][et_pb_section fb_built=\u00bb1&#8243; _builder_version=\u00bb4.16&#8243; custom_padding=\u00bb0px|0px|0|0px|false|false\u00bb global_colors_info=\u00bb{}\u00bb][et_pb_row module_class=\u00bb et_pb_row_fullwidth\u00bb _builder_version=\u00bb4.16&#8243; width=\u00bb100%\u00bb width_tablet=\u00bb100%\u00bb width_phone=\u00bb\u00bb width_last_edited=\u00bbon|desktop\u00bb max_width=\u00bb100%\u00bb max_width_tablet=\u00bb100%\u00bb max_width_phone=\u00bb\u00bb max_width_last_edited=\u00bbon|desktop\u00bb custom_padding=\u00bb0|0px|0|0px|false|false\u00bb make_fullwidth=\u00bbon\u00bb global_colors_info=\u00bb{}\u00bb][et_pb_column type=\u00bb4_4&#8243; _builder_version=\u00bb4.16&#8243; custom_padding=\u00bb|||\u00bb global_colors_info=\u00bb{}\u00bb custom_padding__hover=\u00bb|||\u00bb][et_pb_post_nav in_same_term=\u00bbon\u00bb prev_text=\u00bbANTERIOR\u00bb next_text=\u00bbSIGUIENTE\u00bb _builder_version=\u00bb3.19.17&#8243; title_font=\u00bb|600|||||||\u00bb title_text_color=\u00bb#e09900&#8243; title_font_size=\u00bb12px\u00bb max_width=\u00bb100%\u00bb title_font_size_tablet=\u00bb12px\u00bb title_font_size_phone=\u00bb9px\u00bb title_font_size_last_edited=\u00bbon|phone\u00bb global_module=\u00bb790&#8243; global_colors_info=\u00bb{}\u00bb][\/et_pb_post_nav][\/et_pb_column][\/et_pb_row][\/et_pb_section]<\/p>\n","protected":false},"excerpt":{"rendered":"<p>Zak Taller de Dise\u00f1o de muebles a medida F\u00e1brica de muebles Descripci\u00f3nWebsiteDesarrollo: WordPress<\/p>","protected":false},"author":1,"featured_media":7196,"comment_status":"closed","ping_status":"closed","template":"","meta":{"_et_pb_use_builder":"on","_et_pb_old_content":"","_et_gb_content_width":"","footnotes":""},"project_category":[3],"project_tag":[],"class_list":["post-7120","project","type-project","status-publish","has-post-thumbnail","hentry","project_category-web"],"a3_pvc":{"activated":false,"total_views":184,"today_views":0},"_links":{"self":[{"href":"https:\/\/www.web4.com.ar\/en\/wp-json\/wp\/v2\/project\/7120","targetHints":{"allow":["GET"]}}],"collection":[{"href":"https:\/\/www.web4.com.ar\/en\/wp-json\/wp\/v2\/project"}],"about":[{"href":"https:\/\/www.web4.com.ar\/en\/wp-json\/wp\/v2\/types\/project"}],"author":[{"embeddable":true,"href":"https:\/\/www.web4.com.ar\/en\/wp-json\/wp\/v2\/users\/1"}],"replies":[{"embeddable":true,"href":"https:\/\/www.web4.com.ar\/en\/wp-json\/wp\/v2\/comments?post=7120"}],"version-history":[{"count":2,"href":"https:\/\/www.web4.com.ar\/en\/wp-json\/wp\/v2\/project\/7120\/revisions"}],"predecessor-version":[{"id":7199,"href":"https:\/\/www.web4.com.ar\/en\/wp-json\/wp\/v2\/project\/7120\/revisions\/7199"}],"wp:featuredmedia":[{"embeddable":true,"href":"https:\/\/www.web4.com.ar\/en\/wp-json\/wp\/v2\/media\/7196"}],"wp:attachment":[{"href":"https:\/\/www.web4.com.ar\/en\/wp-json\/wp\/v2\/media?parent=7120"}],"wp:term":[{"taxonomy":"project_category","embeddable":true,"href":"https:\/\/www.web4.com.ar\/en\/wp-json\/wp\/v2\/project_category?post=7120"},{"taxonomy":"project_tag","embeddable":true,"href":"https:\/\/www.web4.com.ar\/en\/wp-json\/wp\/v2\/project_tag?post=7120"}],"curies":[{"name":"wp","href":"https:\/\/api.w.org\/{rel}","templated":true}]}}